{"id":28,"date":"2019-06-03T17:17:08","date_gmt":"2019-06-03T15:17:08","guid":{"rendered":"http:\/\/geraldinemaurin.com\/pouratlefaire\/?page_id=28"},"modified":"2019-06-26T15:23:55","modified_gmt":"2019-06-26T13:23:55","slug":"camping-car-sacs-a-dos","status":"publish","type":"page","link":"https:\/\/www.geraldinemaurin.com\/pouratlefaire\/camping-car-sacs-a-dos\/","title":{"rendered":"Camping Car"},"content":{"rendered":"<p><strong>Notre Camion.<\/strong><\/p>\n<p>7 mois de recherche intenses ! Une veille sur le bon coin tri-quotidienne. Et enfin, LE BON. De la Dr\u00f4me du nord o\u00f9 nous habitons, nous sommes all\u00e9s le chercher \u00e0 Saint Malo, o\u00f9 il avait \u00e9t\u00e9 rachet\u00e9 par un Breton \u00e0 un \u2026 Ard\u00e9chois !<\/p>\n<p>Xavier y a pass\u00e9 des heures de bricolerie pour le mettre \u00e0 notre go\u00fbt. Il a revu tout le syst\u00e8me \u00e9lectrique, chang\u00e9 toutes les lampes (led), refait les \u00e9tag\u00e8res, r\u00e9vis\u00e9 les moteurs des velux, mis des liseuses, un r\u00e9servoir d\u2019eau suppl\u00e9mentaire, des \u00e9tendages, install\u00e9 le gpl, chang\u00e9 l\u2019assise de derri\u00e8re pour que Mathilde voyage juste derri\u00e8re nous, construit et reconstruit des coffres, mis des v\u00e9rins, fix\u00e9 des crochets, huil\u00e9 la m\u00e9canique, et r\u00e9alis\u00e9 moult petits am\u00e9nagements praticos-pratiques-fonctionnels (on est plus \u00ab pratique \u00bb que \u00ab d\u00e9co \u00bb et qu\u2019on aime le costaud et le fonctionnel). Nous l\u2019avons bien s\u00fbr test\u00e9 en \u00e9t\u00e9 et en hiver avant le jour J, ce qui a permis d\u2019ajuster les envies, d\u2019affiner les d\u00e9tails, voire m\u00eame d\u2019\u00eatre un peu casse-pieds, maniaques, pointilleux et exigeants !<\/p>\n<p>Le voici, au Jour !<\/p>\n<p><img loading=\"lazy\" class=\"alignnone size-medium wp-image-163\" src=\"https:\/\/geraldinemaurin.com\/pouratlefaire\/wp-content\/uploads\/2019\/06\/D88735A2-547A-4B62-A024-710B01420616-300x225.jpeg\" alt=\"\" width=\"300\" height=\"225\" srcset=\"https:\/\/www.geraldinemaurin.com\/pouratlefaire\/wp-content\/uploads\/2019\/06\/D88735A2-547A-4B62-A024-710B01420616-300x225.jpeg 300w, https:\/\/www.geraldinemaurin.com\/pouratlefaire\/wp-content\/uploads\/2019\/06\/D88735A2-547A-4B62-A024-710B01420616-768x576.jpeg 768w, https:\/\/www.geraldinemaurin.com\/pouratlefaire\/wp-content\/uploads\/2019\/06\/D88735A2-547A-4B62-A024-710B01420616-1024x768.jpeg 1024w, https:\/\/www.geraldinemaurin.com\/pouratlefaire\/wp-content\/uploads\/2019\/06\/D88735A2-547A-4B62-A024-710B01420616-1320x990.jpeg 1320w, https:\/\/www.geraldinemaurin.com\/pouratlefaire\/wp-content\/uploads\/2019\/06\/D88735A2-547A-4B62-A024-710B01420616.jpeg 1600w\" sizes=\"(max-width: 300px) 100vw, 300px\" \/> <img loading=\"lazy\" class=\"alignnone size-medium wp-image-164\" src=\"https:\/\/geraldinemaurin.com\/pouratlefaire\/wp-content\/uploads\/2019\/06\/52E577EA-DB14-4E91-9CB9-91418C1B888E-300x225.jpeg\" alt=\"\" width=\"300\" height=\"225\" srcset=\"https:\/\/www.geraldinemaurin.com\/pouratlefaire\/wp-content\/uploads\/2019\/06\/52E577EA-DB14-4E91-9CB9-91418C1B888E-300x225.jpeg 300w, https:\/\/www.geraldinemaurin.com\/pouratlefaire\/wp-content\/uploads\/2019\/06\/52E577EA-DB14-4E91-9CB9-91418C1B888E-768x576.jpeg 768w, https:\/\/www.geraldinemaurin.com\/pouratlefaire\/wp-content\/uploads\/2019\/06\/52E577EA-DB14-4E91-9CB9-91418C1B888E-1024x768.jpeg 1024w, https:\/\/www.geraldinemaurin.com\/pouratlefaire\/wp-content\/uploads\/2019\/06\/52E577EA-DB14-4E91-9CB9-91418C1B888E-1320x990.jpeg 1320w, https:\/\/www.geraldinemaurin.com\/pouratlefaire\/wp-content\/uploads\/2019\/06\/52E577EA-DB14-4E91-9CB9-91418C1B888E.jpeg 1600w\" sizes=\"(max-width: 300px) 100vw, 300px\" \/><\/p>\n<hr \/>\n<h2>Trucs et Astuces<\/h2>\n<p>Fonctionnel, pratique, fiable, costaud. Ainsi nous le voulions. Voici les petits trucs Pourat de notre Camion.<\/p>\n<p><a href=\"https:\/\/www.geraldinemaurin.com\/pouratlefaire\/wp-content\/uploads\/2019\/06\/image25.jpeg\"><br \/>\n<\/a><br \/>\n<a href=\"https:\/\/www.geraldinemaurin.com\/pouratlefaire\/wp-content\/uploads\/2019\/06\/image26.jpeg\"><img loading=\"lazy\" class=\"aligncenter size-full wp-image-333\" src=\"https:\/\/www.geraldinemaurin.com\/pouratlefaire\/wp-content\/uploads\/2019\/06\/image26.jpeg\" alt=\"\" width=\"640\" height=\"480\" srcset=\"https:\/\/www.geraldinemaurin.com\/pouratlefaire\/wp-content\/uploads\/2019\/06\/image26.jpeg 640w, https:\/\/www.geraldinemaurin.com\/pouratlefaire\/wp-content\/uploads\/2019\/06\/image26-300x225.jpeg 300w\" sizes=\"(max-width: 640px) 100vw, 640px\" \/><\/a><\/p>\n<h3>1\/ L\u2019espace cabine.<\/h3>\n<p>Le tissu d\u2019origine des fauteuils est r\u00e2peux et inconfortable. Mettre des housses n\u2019est pas pr\u00e9vu dans notre budget. Xavier fait fixer 2 \u0153illets de b\u00e2ches dans 2 grandes serviettes de plage en coton. Ainsi elles sont fix\u00e9es au si\u00e8ge. Moelleux et facile \u00e0 laver au besoin.<br \/>\nInstallation de 2 batteries auxiliaires sous le si\u00e8ge passager avec bo\u00eetier fusibles + coupleur<br \/>\nInstallation d\u2019un support tel pour bien suivre le GPS<br \/>\nInstallation de scratches d\u2019un c\u00f4t\u00e9 cousus sur les rideaux thermiques et de l\u2019autre coll\u00e9s sur le pare brise pour virer le syst\u00e8me de ventouses inefficace.<br \/>\nPose d\u2019un convertisseur 12v\/220v de 350w (pour ordis, le petit mixeur moulinex pour les soupes et cr\u00eapes, ou pour l\u2019\u00e9pilateur !)<br \/>\nOn a une sangle pour relier les 2 portes pour plus de s\u00e9curit\u00e9 la nuit.<\/p>\n<h3>2\/ L\u2019espace couchage capucine adulte.<\/h3>\n<p>Xavier a enlev\u00e9 le syst\u00e8me du lit, auparavant avec une planche et matelas int\u00e9gr\u00e9 (dur et pas confortable). Il a fix\u00e9 des lattes, et on a mis un bon matelas.<br \/>\n<a href=\"https:\/\/www.geraldinemaurin.com\/pouratlefaire\/wp-content\/uploads\/2019\/06\/image27.jpeg\"><img loading=\"lazy\" class=\"aligncenter size-full wp-image-334\" src=\"https:\/\/www.geraldinemaurin.com\/pouratlefaire\/wp-content\/uploads\/2019\/06\/image27.jpeg\" alt=\"\" width=\"640\" height=\"480\" srcset=\"https:\/\/www.geraldinemaurin.com\/pouratlefaire\/wp-content\/uploads\/2019\/06\/image27.jpeg 640w, https:\/\/www.geraldinemaurin.com\/pouratlefaire\/wp-content\/uploads\/2019\/06\/image27-300x225.jpeg 300w\" sizes=\"(max-width: 640px) 100vw, 640px\" \/><\/a><br \/>\nLa fen\u00eatre. C\u2019est moi qui dort au fond de la capucine. Pas assez d\u2019espace pour Xavier. Mais quand les nuits sont fra\u00eeches, j\u2019avais froid malgr\u00e9 les couettes. Et je me cognait souvent contre la fen\u00eatre. On a install\u00e9 un traversin plat contre la fen\u00eatre, gliss\u00e9 dans un drap et fix\u00e9 \u00e0 la capucine par des pressions. C\u2019est tout roudoudou! Quand il fait froid, plus d\u2019air contre les reins, quand il fait chaud en journ\u00e9e, cela isole. On peut l\u2019enlever et le remettre tr\u00e8s facilement.<br \/>\n<a href=\"https:\/\/www.geraldinemaurin.com\/pouratlefaire\/wp-content\/uploads\/2019\/06\/image1-1.jpeg\"><img loading=\"lazy\" class=\"aligncenter size-full wp-image-335\" src=\"https:\/\/www.geraldinemaurin.com\/pouratlefaire\/wp-content\/uploads\/2019\/06\/image1-1.jpeg\" alt=\"\" width=\"640\" height=\"480\" srcset=\"https:\/\/www.geraldinemaurin.com\/pouratlefaire\/wp-content\/uploads\/2019\/06\/image1-1.jpeg 640w, https:\/\/www.geraldinemaurin.com\/pouratlefaire\/wp-content\/uploads\/2019\/06\/image1-1-300x225.jpeg 300w\" sizes=\"(max-width: 640px) 100vw, 640px\" \/><\/a><\/p>\n<p><a href=\"https:\/\/www.geraldinemaurin.com\/pouratlefaire\/wp-content\/uploads\/2019\/06\/image2.jpeg\"><img loading=\"lazy\" class=\"aligncenter size-full wp-image-310\" src=\"https:\/\/www.geraldinemaurin.com\/pouratlefaire\/wp-content\/uploads\/2019\/06\/image2.jpeg\" alt=\"\" width=\"640\" height=\"480\" srcset=\"https:\/\/www.geraldinemaurin.com\/pouratlefaire\/wp-content\/uploads\/2019\/06\/image2.jpeg 640w, https:\/\/www.geraldinemaurin.com\/pouratlefaire\/wp-content\/uploads\/2019\/06\/image2-300x225.jpeg 300w\" sizes=\"(max-width: 640px) 100vw, 640px\" \/><\/a><br \/>\nInstallation d\u2019une liseuse et d\u2019un port usb pour lire peinard.<br \/>\nInstallation de petits ventilateurs.<br \/>\nLa descente de la capucine. Xavier a fabriqu\u00e9 une \u00e9chelle sur mesure en acier fin. Souvent dans la nuit, je m\u2019y accroche pour descendre. L\u2019\u00e9chelle s\u2019enl\u00e8ve tr\u00e8s facilement et se range dans la capucine la journ\u00e9e. Elle fait aussi office de support de dossier pour la banquette.<br \/>\n<a href=\"https:\/\/www.geraldinemaurin.com\/pouratlefaire\/wp-content\/uploads\/2019\/06\/image3-e1561540946384.jpeg\"><img loading=\"lazy\" class=\"aligncenter size-full wp-image-311\" src=\"https:\/\/www.geraldinemaurin.com\/pouratlefaire\/wp-content\/uploads\/2019\/06\/image3-e1561540946384.jpeg\" alt=\"\" width=\"480\" height=\"640\" srcset=\"https:\/\/www.geraldinemaurin.com\/pouratlefaire\/wp-content\/uploads\/2019\/06\/image3-e1561540946384.jpeg 480w, https:\/\/www.geraldinemaurin.com\/pouratlefaire\/wp-content\/uploads\/2019\/06\/image3-e1561540946384-225x300.jpeg 225w\" sizes=\"(max-width: 480px) 100vw, 480px\" \/><\/a><\/p>\n<h3>3\/ L\u2019espace de vie, repas, cuisine, rangement, voyage.<\/h3>\n<p>Un rideau opaque entre la cabine et l\u2019espace de vie. Pour isoler du froid et fermer des regards quand on va se promener. Et aussi \u00e0 la porte d\u2019entr\u00e9e.<br \/>\n<a href=\"https:\/\/www.geraldinemaurin.com\/pouratlefaire\/wp-content\/uploads\/2019\/06\/image4.jpeg\"><img loading=\"lazy\" class=\"aligncenter size-full wp-image-312\" src=\"https:\/\/www.geraldinemaurin.com\/pouratlefaire\/wp-content\/uploads\/2019\/06\/image4.jpeg\" alt=\"\" width=\"640\" height=\"480\" srcset=\"https:\/\/www.geraldinemaurin.com\/pouratlefaire\/wp-content\/uploads\/2019\/06\/image4.jpeg 640w, https:\/\/www.geraldinemaurin.com\/pouratlefaire\/wp-content\/uploads\/2019\/06\/image4-300x225.jpeg 300w\" sizes=\"(max-width: 640px) 100vw, 640px\" \/><\/a><br \/>\nLa banquette. Quand on voyage \u00e0 trois, il y en a toujours un qui est rel\u00e9gu\u00e9 au fond, seul. Mathilde souvent \u00e9tait devant mais cela a aussi ses limites&#8230; Deux ans de r\u00e9flexions pour rem\u00e9dier \u00e0 \u00e7a ! Xavier a fini par trouver la bonne id\u00e9e : il a d\u00e9coup\u00e9 le montant de la cloison entre l\u2019espace de vie et la cabine, de sorte qu\u2019un nouvel espace soit cr\u00e9\u00e9 pour pouvoir se tourner vers la route. Il a d\u00e9coup\u00e9 les coussins, refait avec Huguette les housses et les assises. Install\u00e9 une ceinture de s\u00e9curit\u00e9 fix\u00e9e au ch\u00e2ssis. Maintenant, on peut s\u2019asseoir dans les deux sens et surtout \u00eatre tous les trois quand on roule! On a fait des housses en coton blanc tout doux et facile \u00e0 laver dans les vieux draps de l\u2019arri\u00e8re grand m\u00e8re ! (merci Huguette pour la couture !)<br \/>\n<a href=\"https:\/\/www.geraldinemaurin.com\/pouratlefaire\/wp-content\/uploads\/2019\/06\/image5.jpeg\"><img loading=\"lazy\" class=\"aligncenter size-full wp-image-313\" src=\"https:\/\/www.geraldinemaurin.com\/pouratlefaire\/wp-content\/uploads\/2019\/06\/image5.jpeg\" alt=\"\" width=\"640\" height=\"480\" srcset=\"https:\/\/www.geraldinemaurin.com\/pouratlefaire\/wp-content\/uploads\/2019\/06\/image5.jpeg 640w, https:\/\/www.geraldinemaurin.com\/pouratlefaire\/wp-content\/uploads\/2019\/06\/image5-300x225.jpeg 300w\" sizes=\"(max-width: 640px) 100vw, 640px\" \/><\/a><\/p>\n<p><a href=\"https:\/\/www.geraldinemaurin.com\/pouratlefaire\/wp-content\/uploads\/2019\/06\/image6.jpeg\"><img loading=\"lazy\" class=\"aligncenter size-full wp-image-314\" src=\"https:\/\/www.geraldinemaurin.com\/pouratlefaire\/wp-content\/uploads\/2019\/06\/image6.jpeg\" alt=\"\" width=\"640\" height=\"480\" srcset=\"https:\/\/www.geraldinemaurin.com\/pouratlefaire\/wp-content\/uploads\/2019\/06\/image6.jpeg 640w, https:\/\/www.geraldinemaurin.com\/pouratlefaire\/wp-content\/uploads\/2019\/06\/image6-300x225.jpeg 300w\" sizes=\"(max-width: 640px) 100vw, 640px\" \/><\/a><br \/>\nLa table : petite nappe fix\u00e9e dessous avec des aimants cousus et des pressions. Facile \u00e0 nettoyer, prot\u00e8ge la table et si besoin quand on mange sur une table de pic on peut la sortir ! Il a \u00e9galement rabaiss\u00e9e la table. Les propri\u00e9taires pr\u00e9c\u00e9dents avaient fait faire des coussins pour rehausser l\u2019assise!<br \/>\n<a href=\"https:\/\/www.geraldinemaurin.com\/pouratlefaire\/wp-content\/uploads\/2019\/06\/image7.jpeg\"><img loading=\"lazy\" class=\"aligncenter size-full wp-image-315\" src=\"https:\/\/www.geraldinemaurin.com\/pouratlefaire\/wp-content\/uploads\/2019\/06\/image7.jpeg\" alt=\"\" width=\"640\" height=\"480\" srcset=\"https:\/\/www.geraldinemaurin.com\/pouratlefaire\/wp-content\/uploads\/2019\/06\/image7.jpeg 640w, https:\/\/www.geraldinemaurin.com\/pouratlefaire\/wp-content\/uploads\/2019\/06\/image7-300x225.jpeg 300w\" sizes=\"(max-width: 640px) 100vw, 640px\" \/><\/a><\/p>\n<p>Penderie : transform\u00e9e en rangement. On a une \u00e9tag\u00e8re denr\u00e9es alimentaires, une \u00e9tag\u00e8re rangements informatiques, une \u00e9tag\u00e8re pour chacun (dite \u00ab fourre tout \u00bb : chacun fait ce qu\u2019il veut dedans), une \u00e9tag\u00e8re jeux, une \u00e9tag\u00e8re chaussures.<br \/>\n<a href=\"https:\/\/www.geraldinemaurin.com\/pouratlefaire\/wp-content\/uploads\/2019\/06\/image8-e1561541007185.jpeg\"><img loading=\"lazy\" class=\"aligncenter size-full wp-image-316\" src=\"https:\/\/www.geraldinemaurin.com\/pouratlefaire\/wp-content\/uploads\/2019\/06\/image8-e1561541007185.jpeg\" alt=\"\" width=\"480\" height=\"640\" srcset=\"https:\/\/www.geraldinemaurin.com\/pouratlefaire\/wp-content\/uploads\/2019\/06\/image8-e1561541007185.jpeg 480w, https:\/\/www.geraldinemaurin.com\/pouratlefaire\/wp-content\/uploads\/2019\/06\/image8-e1561541007185-225x300.jpeg 225w\" sizes=\"(max-width: 480px) 100vw, 480px\" \/><\/a><br \/>\nUne barre lat\u00e9rale devant la porte \u00e0 l\u2019int\u00e9rieur pour fixer la poign\u00e9e pour plus de s\u00e9curit\u00e9 la nuit.<br \/>\nUn rideau opaque entre l\u2019espace de vie et le lit de Mathilde. Cela lui fait une petite chambre et cela nous isole un peu le soir.<br \/>\n<a href=\"https:\/\/www.geraldinemaurin.com\/pouratlefaire\/wp-content\/uploads\/2019\/06\/image9.jpeg\"><img loading=\"lazy\" class=\"aligncenter size-full wp-image-317\" src=\"https:\/\/www.geraldinemaurin.com\/pouratlefaire\/wp-content\/uploads\/2019\/06\/image9.jpeg\" alt=\"\" width=\"640\" height=\"480\" srcset=\"https:\/\/www.geraldinemaurin.com\/pouratlefaire\/wp-content\/uploads\/2019\/06\/image9.jpeg 640w, https:\/\/www.geraldinemaurin.com\/pouratlefaire\/wp-content\/uploads\/2019\/06\/image9-300x225.jpeg 300w\" sizes=\"(max-width: 640px) 100vw, 640px\" \/><\/a><br \/>\nReprise de tous les luminaires : Xavier a tout pass\u00e9 en leds.<br \/>\nQuatre crochets en diagonale pour fixer facilement un fil d\u2019\u00e9tendage. Et comme on est petits, on le laisse tout le temps car on passe dessous! Les serviettes s\u00e8chent pendant la nuit.<br \/>\n<a href=\"https:\/\/www.geraldinemaurin.com\/pouratlefaire\/wp-content\/uploads\/2019\/06\/image10.jpeg\"><img loading=\"lazy\" class=\"aligncenter size-full wp-image-318\" src=\"https:\/\/www.geraldinemaurin.com\/pouratlefaire\/wp-content\/uploads\/2019\/06\/image10.jpeg\" alt=\"\" width=\"640\" height=\"480\" srcset=\"https:\/\/www.geraldinemaurin.com\/pouratlefaire\/wp-content\/uploads\/2019\/06\/image10.jpeg 640w, https:\/\/www.geraldinemaurin.com\/pouratlefaire\/wp-content\/uploads\/2019\/06\/image10-300x225.jpeg 300w\" sizes=\"(max-width: 640px) 100vw, 640px\" \/><\/a><br \/>\nInstallation de ports USB et d\u2019une prise \u00e9lectrique 220v directement reli\u00e9e au secteur quand on est branch\u00e9.<br \/>\nUn petit ventilateur au dessus de la table.<br \/>\nLe couvercle du petit \u00e9gouttoir avec planche \u00e0 d\u00e9couper int\u00e9gr\u00e9e : Xavier l\u2019a retaill\u00e9 en le pon\u00e7ant pour qu\u2019il s\u2019adapte parfaitement \u00e0 l\u2019\u00e9vier. Cela fait un couvercle d\u2019\u00e9vier et une planche \u00e0 d\u00e9couper bien fixe ! (astuce sympa pour ceux qui ont un Laika).<br \/>\n<a href=\"https:\/\/www.geraldinemaurin.com\/pouratlefaire\/wp-content\/uploads\/2019\/06\/image11.jpeg\"><img loading=\"lazy\" class=\"aligncenter size-full wp-image-319\" src=\"https:\/\/www.geraldinemaurin.com\/pouratlefaire\/wp-content\/uploads\/2019\/06\/image11.jpeg\" alt=\"\" width=\"640\" height=\"480\" srcset=\"https:\/\/www.geraldinemaurin.com\/pouratlefaire\/wp-content\/uploads\/2019\/06\/image11.jpeg 640w, https:\/\/www.geraldinemaurin.com\/pouratlefaire\/wp-content\/uploads\/2019\/06\/image11-300x225.jpeg 300w\" sizes=\"(max-width: 640px) 100vw, 640px\" \/><\/a><\/p>\n<p><a href=\"https:\/\/www.geraldinemaurin.com\/pouratlefaire\/wp-content\/uploads\/2019\/06\/image12.jpeg\"><img loading=\"lazy\" class=\"aligncenter size-full wp-image-320\" src=\"https:\/\/www.geraldinemaurin.com\/pouratlefaire\/wp-content\/uploads\/2019\/06\/image12.jpeg\" alt=\"\" width=\"640\" height=\"480\" srcset=\"https:\/\/www.geraldinemaurin.com\/pouratlefaire\/wp-content\/uploads\/2019\/06\/image12.jpeg 640w, https:\/\/www.geraldinemaurin.com\/pouratlefaire\/wp-content\/uploads\/2019\/06\/image12-300x225.jpeg 300w\" sizes=\"(max-width: 640px) 100vw, 640px\" \/><\/a><br \/>\nInstallation d\u2019un d\u00e9tecteur alarme gaz.<\/p>\n<h3>4\/ Espace enfant \/ lits jumel\u00e9s<\/h3>\n<p>Installation d\u2019une liseuse pour Mathilde<br \/>\nLe lit du bas \u00e9tait mont\u00e9 sur v\u00e9rins pour pouvoir le relever et acc\u00e9der au coffre mais cela n\u00e9cessitait l\u2019ouverture du coffre par l\u2019ext\u00e9rieur. Gal\u00e8re. Xavier l\u2019a modifi\u00e9. Il a supprim\u00e9 les fixations d\u2019origine et fix\u00e9 4 cylindres dans les quatre angles du sommier, ainsi cela pivote et on peut ouvrir aussi bien de l\u2019int\u00e9rieur que de l\u2019ext\u00e9rieur.<br \/>\n<a href=\"https:\/\/www.geraldinemaurin.com\/pouratlefaire\/wp-content\/uploads\/2019\/06\/image13.jpeg\"><img loading=\"lazy\" class=\"aligncenter size-full wp-image-321\" src=\"https:\/\/www.geraldinemaurin.com\/pouratlefaire\/wp-content\/uploads\/2019\/06\/image13.jpeg\" alt=\"\" width=\"640\" height=\"480\" srcset=\"https:\/\/www.geraldinemaurin.com\/pouratlefaire\/wp-content\/uploads\/2019\/06\/image13.jpeg 640w, https:\/\/www.geraldinemaurin.com\/pouratlefaire\/wp-content\/uploads\/2019\/06\/image13-300x225.jpeg 300w\" sizes=\"(max-width: 640px) 100vw, 640px\" \/><\/a><\/p>\n<p><a href=\"https:\/\/www.geraldinemaurin.com\/pouratlefaire\/wp-content\/uploads\/2019\/06\/image14.jpeg\"><img loading=\"lazy\" class=\"aligncenter size-full wp-image-322\" src=\"https:\/\/www.geraldinemaurin.com\/pouratlefaire\/wp-content\/uploads\/2019\/06\/image14.jpeg\" alt=\"\" width=\"640\" height=\"480\" srcset=\"https:\/\/www.geraldinemaurin.com\/pouratlefaire\/wp-content\/uploads\/2019\/06\/image14.jpeg 640w, https:\/\/www.geraldinemaurin.com\/pouratlefaire\/wp-content\/uploads\/2019\/06\/image14-300x225.jpeg 300w\" sizes=\"(max-width: 640px) 100vw, 640px\" \/><\/a><\/p>\n<h3>5\/ Salle d\u2019eau<\/h3>\n<p>Clairement moche, plastique et sans rangement&#8230; \ud83d\ude41 Il faut y rem\u00e9dier !<\/p>\n<p>La porte ne tenait pas ouverte. Gal\u00e8re pour aider Mathilde! Un crochet dans le four (!) et un \u00e9lastique&#8230; L\u2019id\u00e9al !<br \/>\n<a href=\"https:\/\/www.geraldinemaurin.com\/pouratlefaire\/wp-content\/uploads\/2019\/06\/image15.jpeg\"><img loading=\"lazy\" class=\"aligncenter size-full wp-image-323\" src=\"https:\/\/www.geraldinemaurin.com\/pouratlefaire\/wp-content\/uploads\/2019\/06\/image15.jpeg\" alt=\"\" width=\"640\" height=\"480\" srcset=\"https:\/\/www.geraldinemaurin.com\/pouratlefaire\/wp-content\/uploads\/2019\/06\/image15.jpeg 640w, https:\/\/www.geraldinemaurin.com\/pouratlefaire\/wp-content\/uploads\/2019\/06\/image15-300x225.jpeg 300w\" sizes=\"(max-width: 640px) 100vw, 640px\" \/><\/a><br \/>\nXavier a modifi\u00e9, recousu (toujours avec Huguette !) une \u00e9tag\u00e8re sp\u00e9ciale CC achet\u00e9e pour la mettre \u00e0 la bonne taille. Fix\u00e9e solidement on y met beaucoup de bazar.<br \/>\n<a href=\"https:\/\/www.geraldinemaurin.com\/pouratlefaire\/wp-content\/uploads\/2019\/06\/image16.jpeg\"><img loading=\"lazy\" class=\"aligncenter size-full wp-image-324\" src=\"https:\/\/www.geraldinemaurin.com\/pouratlefaire\/wp-content\/uploads\/2019\/06\/image16.jpeg\" alt=\"\" width=\"640\" height=\"480\" srcset=\"https:\/\/www.geraldinemaurin.com\/pouratlefaire\/wp-content\/uploads\/2019\/06\/image16.jpeg 640w, https:\/\/www.geraldinemaurin.com\/pouratlefaire\/wp-content\/uploads\/2019\/06\/image16-300x225.jpeg 300w\" sizes=\"(max-width: 640px) 100vw, 640px\" \/><\/a><br \/>\nJ\u2019avais besoin d\u2019un coin \u00e9tendage pour faire s\u00e9cher culottes chaussettes et lingettes. Hop, un vieil \u00e9tendage et 2 boulons. Soit il reste contre le mur, soit si besoin il se met \u00e0 l\u2019horizontale.<br \/>\n<a href=\"https:\/\/www.geraldinemaurin.com\/pouratlefaire\/wp-content\/uploads\/2019\/06\/image17-e1561541135384.jpeg\"><img loading=\"lazy\" class=\"aligncenter size-full wp-image-325\" src=\"https:\/\/www.geraldinemaurin.com\/pouratlefaire\/wp-content\/uploads\/2019\/06\/image17-e1561541135384.jpeg\" alt=\"\" width=\"480\" height=\"640\" srcset=\"https:\/\/www.geraldinemaurin.com\/pouratlefaire\/wp-content\/uploads\/2019\/06\/image17-e1561541135384.jpeg 480w, https:\/\/www.geraldinemaurin.com\/pouratlefaire\/wp-content\/uploads\/2019\/06\/image17-e1561541135384-225x300.jpeg 225w\" sizes=\"(max-width: 480px) 100vw, 480px\" \/><\/a><br \/>\nMise en place d\u2019une barre transversale dans la douche. Pour y accrocher les araign\u00e9es \u00e9tendages, les serviettes, les combi de kayak.<br \/>\n<a href=\"https:\/\/www.geraldinemaurin.com\/pouratlefaire\/wp-content\/uploads\/2019\/06\/image19.jpeg\"><img loading=\"lazy\" class=\"aligncenter wp-image-327 size-full\" src=\"https:\/\/www.geraldinemaurin.com\/pouratlefaire\/wp-content\/uploads\/2019\/06\/image19-e1561541162468.jpeg\" alt=\"\" width=\"480\" height=\"640\" srcset=\"https:\/\/www.geraldinemaurin.com\/pouratlefaire\/wp-content\/uploads\/2019\/06\/image19-e1561541162468.jpeg 480w, https:\/\/www.geraldinemaurin.com\/pouratlefaire\/wp-content\/uploads\/2019\/06\/image19-e1561541162468-225x300.jpeg 225w\" sizes=\"(max-width: 480px) 100vw, 480px\" \/><\/a><br \/>\nUn crochet sp\u00e9cial balai.<br \/>\nDes crochets serviettes et tabliers<br \/>\nUn balayette \u00e0 toilette (j\u2019ai cherch\u00e9 longtemps la bonne taille !)<br \/>\n<a href=\"https:\/\/www.geraldinemaurin.com\/pouratlefaire\/wp-content\/uploads\/2019\/06\/image18.jpeg\"><img loading=\"lazy\" class=\"aligncenter size-full wp-image-326\" src=\"https:\/\/www.geraldinemaurin.com\/pouratlefaire\/wp-content\/uploads\/2019\/06\/image18.jpeg\" alt=\"\" width=\"640\" height=\"480\" srcset=\"https:\/\/www.geraldinemaurin.com\/pouratlefaire\/wp-content\/uploads\/2019\/06\/image18.jpeg 640w, https:\/\/www.geraldinemaurin.com\/pouratlefaire\/wp-content\/uploads\/2019\/06\/image18-300x225.jpeg 300w\" sizes=\"(max-width: 640px) 100vw, 640px\" \/><\/a><br \/>\nEt le top, un sac \u00e0 linge sale sur mesure (un sac des p\u2019tits gros!) : 4 \u0153illets et une fixation de b\u00e2che. Vide, il est ferm\u00e9, plein, \u00e0 demi ouvert et fix\u00e9 au mur, et quand on part \u00e0 la lessive, on le d\u00e9croche !<br \/>\nXavier a install\u00e9 un robinet suppl\u00e9mentaire reli\u00e9 \u00e0 un filtre aquapure pour l\u2019eau potable.<\/p>\n<h3>6\/ Les coffres<\/h3>\n<p>L\u00e0 on rentre dans le technique &#8230; Le Laika est rehauss\u00e9 avec un double plancher pour une meilleure isolation, donc les coffres sont riquiquis.<\/p>\n<p>A gauche, un coffre gaz avec bouteille propane et Gpl (Lpg \u00e0 l\u2019\u00e9tranger !) A cot\u00e9, un espace rangement tr\u00e8s \u00e9troit (18 cm de hauteur!) dans lequel on a r\u00e9ussi \u00e0 glisser les 2 kayaks + pagaies d\u00e9montables (kayak d\u20191 place, un 2 places ne passait pas) ; une table 4 places decath (c\u2019\u00e9tait la seule si fine!) ; 3 fauteuils et 3 petits fauteuils transats ; une grille \u00e0 barbecue ; rallonges \u00e9lectriques. Pour r\u00e9aliser cet exploit, Xavier s\u2019est fait ch&#8230; (dixit). Il a refait la goulotte d\u2019\u00e9lectricit\u00e9 \u00e0 l\u2019int\u00e9rieur pour gagner quelques centim\u00e8tres, mis une \u00e9tag\u00e8re; mis une cloison pour fixer la table.<br \/>\n<a href=\"https:\/\/www.geraldinemaurin.com\/pouratlefaire\/wp-content\/uploads\/2019\/06\/image20.jpeg\"><img loading=\"lazy\" class=\"aligncenter size-full wp-image-328\" src=\"https:\/\/www.geraldinemaurin.com\/pouratlefaire\/wp-content\/uploads\/2019\/06\/image20.jpeg\" alt=\"\" width=\"640\" height=\"480\" srcset=\"https:\/\/www.geraldinemaurin.com\/pouratlefaire\/wp-content\/uploads\/2019\/06\/image20.jpeg 640w, https:\/\/www.geraldinemaurin.com\/pouratlefaire\/wp-content\/uploads\/2019\/06\/image20-300x225.jpeg 300w\" sizes=\"(max-width: 640px) 100vw, 640px\" \/><\/a><br \/>\n<a href=\"https:\/\/www.geraldinemaurin.com\/pouratlefaire\/wp-content\/uploads\/2019\/06\/image22.jpeg\"><img loading=\"lazy\" class=\"aligncenter size-full wp-image-329\" src=\"https:\/\/www.geraldinemaurin.com\/pouratlefaire\/wp-content\/uploads\/2019\/06\/image22.jpeg\" alt=\"\" width=\"640\" height=\"480\" srcset=\"https:\/\/www.geraldinemaurin.com\/pouratlefaire\/wp-content\/uploads\/2019\/06\/image22.jpeg 640w, https:\/\/www.geraldinemaurin.com\/pouratlefaire\/wp-content\/uploads\/2019\/06\/image22-300x225.jpeg 300w\" sizes=\"(max-width: 640px) 100vw, 640px\" \/><\/a><br \/>\nA droite, il y a 2 coffres. Un qui donne sous le lit, un qui est reli\u00e9 \u00e0 celui de gauche. Pour celui sous le lit, Xavier a rajout\u00e9 un r\u00e9servoir d\u2019eau de 30litres qu\u2019il a prot\u00e9g\u00e9 par un coffre en contre plaqu\u00e9. On arrive \u00e0 150 litres d\u2019autonomie. Caisses en plastique pour les r\u00e9serves de nourriture, et divers. Dans l\u2019autre coffre, il y a les tuyaux pour l\u2019eau et les outils.<br \/>\n<a href=\"https:\/\/www.geraldinemaurin.com\/pouratlefaire\/wp-content\/uploads\/2019\/06\/image23.jpeg\"><img loading=\"lazy\" class=\"aligncenter size-full wp-image-330\" src=\"https:\/\/www.geraldinemaurin.com\/pouratlefaire\/wp-content\/uploads\/2019\/06\/image23.jpeg\" alt=\"\" width=\"640\" height=\"480\" srcset=\"https:\/\/www.geraldinemaurin.com\/pouratlefaire\/wp-content\/uploads\/2019\/06\/image23.jpeg 640w, https:\/\/www.geraldinemaurin.com\/pouratlefaire\/wp-content\/uploads\/2019\/06\/image23-300x225.jpeg 300w\" sizes=\"(max-width: 640px) 100vw, 640px\" \/><\/a><\/p>\n<h3><a href=\"https:\/\/www.geraldinemaurin.com\/pouratlefaire\/wp-content\/uploads\/2019\/06\/image24.jpeg\"><img loading=\"lazy\" class=\"aligncenter size-full wp-image-331\" src=\"https:\/\/www.geraldinemaurin.com\/pouratlefaire\/wp-content\/uploads\/2019\/06\/image24.jpeg\" alt=\"\" width=\"640\" height=\"480\" srcset=\"https:\/\/www.geraldinemaurin.com\/pouratlefaire\/wp-content\/uploads\/2019\/06\/image24.jpeg 640w, https:\/\/www.geraldinemaurin.com\/pouratlefaire\/wp-content\/uploads\/2019\/06\/image24-300x225.jpeg 300w\" sizes=\"(max-width: 640px) 100vw, 640px\" \/><\/a><br \/>\n7\/ Le auvent<\/h3>\n<p>RAS<\/p>\n<h3>8\/ Le porte v\u00e9los et les cales.<\/h3>\n<p>Pour ce voyage, on a d\u00e9cid\u00e9 de ne pas les prendre. On les donc enlev\u00e9s. Mais pour le prochain, Xavier envisage de faire dessus un coffre pour les trottinettes \u00e9lectriques. Pour les cales, il veut faire un raque \u00e0 c\u00f4t\u00e9 de la roue de secours.<\/p>\n<p>Voil\u00e0, des heures de travail, de vraies comp\u00e9tences techniques, de l\u2019imagination et du sens pratique et quelques vir\u00e9es pr\u00e9alables pour acqu\u00e9rir de l\u2019exp\u00e9rience.<\/p>\n<p>R\u00e9sultat on s\u2019y sent bien !<br \/>\nEt on Pourat le faire !<\/p>\n","protected":false},"excerpt":{"rendered":"<p>Notre Camion. 7 mois de recherche intenses ! Une veille sur le bon coin tri-quotidienne. Et enfin, LE BON. De la Dr\u00f4me du nord o\u00f9 nous habitons, nous sommes all\u00e9s le chercher \u00e0 Saint Malo, o\u00f9 il avait \u00e9t\u00e9 rachet\u00e9 par un Breton \u00e0 un \u2026 Ard\u00e9chois ! Xavier y a pass\u00e9 des heures de [&hellip;]<\/p>\n","protected":false},"author":2,"featured_media":0,"parent":0,"menu_order":0,"comment_status":"closed","ping_status":"closed","template":"","meta":{"spay_email":""},"_links":{"self":[{"href":"https:\/\/www.geraldinemaurin.com\/pouratlefaire\/wp-json\/wp\/v2\/pages\/28"}],"collection":[{"href":"https:\/\/www.geraldinemaurin.com\/pouratlefaire\/wp-json\/wp\/v2\/pages"}],"about":[{"href":"https:\/\/www.geraldinemaurin.com\/pouratlefaire\/wp-json\/wp\/v2\/types\/page"}],"author":[{"embeddable":true,"href":"https:\/\/www.geraldinemaurin.com\/pouratlefaire\/wp-json\/wp\/v2\/users\/2"}],"replies":[{"embeddable":true,"href":"https:\/\/www.geraldinemaurin.com\/pouratlefaire\/wp-json\/wp\/v2\/comments?post=28"}],"version-history":[{"count":14,"href":"https:\/\/www.geraldinemaurin.com\/pouratlefaire\/wp-json\/wp\/v2\/pages\/28\/revisions"}],"predecessor-version":[{"id":162,"href":"https:\/\/www.geraldinemaurin.com\/pouratlefaire\/wp-json\/wp\/v2\/pages\/28\/revisions\/162"}],"wp:attachment":[{"href":"https:\/\/www.geraldinemaurin.com\/pouratlefaire\/wp-json\/wp\/v2\/media?parent=28"}],"curies":[{"name":"wp","href":"https:\/\/api.w.org\/{rel}","templated":true}]}}