{"id":171,"date":"2019-06-13T12:16:24","date_gmt":"2019-06-13T10:16:24","guid":{"rendered":"https:\/\/geraldinemaurin.com\/pouratlefaire\/?page_id=171"},"modified":"2019-06-13T12:16:24","modified_gmt":"2019-06-13T10:16:24","slug":"sac-a-dos","status":"publish","type":"page","link":"https:\/\/www.geraldinemaurin.com\/pouratlefaire\/sac-a-dos\/","title":{"rendered":"Sac \u00e0 dos"},"content":{"rendered":"<p>Si vous avez lu <a href=\"https:\/\/geraldinemaurin.com\/pouratlefaire\/projet-tour\/\" target=\"_blank\" rel=\"noopener noreferrer\">la page Projet tour<\/a> , vous savez que nous sommes des frimeurs et qu\u2019il n\u2019y a pas de sac \u00e0 dos de pr\u00e9vu, du moins, \u00e0 priori, au jour J\u2026 Mais d\u2019ici le d\u00e9part pour l\u2019Asie, cela peut encore changer !<br \/>\nPremier challenge : voyager l\u00e9ger, avec le minimum. On a d\u00e9j\u00e0 beaucoup r\u00e9duit en partant avec le Camion, mais l\u00e0 c\u2019est drastique ! Quel Tshirt ? Combien de paires de chaussettes ? Tu crois, on ne prend pas le Lonely Planet de l\u2019Australie ??<br \/>\nA force de lire, chiner et choper les infos sur le net, on a quelques astuces : le dentifrice solide, le d\u00e9o compact et naturel (<a href=\"https:\/\/www.gaiia-shop.com\/\" target=\"_blank\" rel=\"noopener noreferrer\">super savonnerie \u00e0 Mont\u00e9lier (26) : Gaiia<\/a>, bah oui, je fais de la pub, elle est g\u00e9niale !), les lingettes coton lavables, les habits m\u00e9rinos, les gourdes filtrantes sans oublier les cles usb pour les epub et les devoirs de Mathilde !<br \/>\nMais sur le sujet sacs \u00e0 dos, je serai vraisemblablement plus affable dans quelques mois !<\/p>\n<p>En tous cas, je voudrais remercier avec ces quelques lignes, les \u00ab Fam\u2019s \u00bb du formidable groupe face book : \u00ab les familles autour du monde \u00bb. Toujours des gens pour patiemment r\u00e9pondre aux questions, donner des conseils, des bons plans, soutenir, aider, vraiment une belle communaut\u00e9, je suis heureuse d\u2019en faire partie ! Il y a aussi un site : <a href=\"https:\/\/lfadm.jimdo.com\/\" target=\"_blank\" rel=\"noopener noreferrer\">https:\/\/lfadm.jimdo.com\/<\/a><\/p>\n","protected":false},"excerpt":{"rendered":"<p>Si vous avez lu la page Projet tour , vous savez que nous sommes des frimeurs et qu\u2019il n\u2019y a pas de sac \u00e0 dos de pr\u00e9vu, du moins, \u00e0 priori, au jour J\u2026 Mais d\u2019ici le d\u00e9part pour l\u2019Asie, cela peut encore changer ! Premier challenge : voyager l\u00e9ger, avec le minimum. On a [&hellip;]<\/p>\n","protected":false},"author":1,"featured_media":0,"parent":0,"menu_order":0,"comment_status":"closed","ping_status":"closed","template":"","meta":{"spay_email":""},"_links":{"self":[{"href":"https:\/\/www.geraldinemaurin.com\/pouratlefaire\/wp-json\/wp\/v2\/pages\/171"}],"collection":[{"href":"https:\/\/www.geraldinemaurin.com\/pouratlefaire\/wp-json\/wp\/v2\/pages"}],"about":[{"href":"https:\/\/www.geraldinemaurin.com\/pouratlefaire\/wp-json\/wp\/v2\/types\/page"}],"author":[{"embeddable":true,"href":"https:\/\/www.geraldinemaurin.com\/pouratlefaire\/wp-json\/wp\/v2\/users\/1"}],"replies":[{"embeddable":true,"href":"https:\/\/www.geraldinemaurin.com\/pouratlefaire\/wp-json\/wp\/v2\/comments?post=171"}],"version-history":[{"count":1,"href":"https:\/\/www.geraldinemaurin.com\/pouratlefaire\/wp-json\/wp\/v2\/pages\/171\/revisions"}],"predecessor-version":[{"id":173,"href":"https:\/\/www.geraldinemaurin.com\/pouratlefaire\/wp-json\/wp\/v2\/pages\/171\/revisions\/173"}],"wp:attachment":[{"href":"https:\/\/www.geraldinemaurin.com\/pouratlefaire\/wp-json\/wp\/v2\/media?parent=171"}],"curies":[{"name":"wp","href":"https:\/\/api.w.org\/{rel}","templated":true}]}}